{"id":25,"date":"2019-05-06T09:54:45","date_gmt":"2019-05-06T07:54:45","guid":{"rendered":"http:\/\/www.haus-am-klosterpark.de\/?page_id=25"},"modified":"2024-10-09T08:53:52","modified_gmt":"2024-10-09T06:53:52","slug":"datenschutz","status":"publish","type":"page","link":"https:\/\/www.haus-am-klosterpark.de\/?page_id=25","title":{"rendered":"Datenschutz"},"content":{"rendered":"\t\t<div data-elementor-type=\"wp-post\" data-elementor-id=\"25\" class=\"elementor elementor-25\" data-elementor-post-type=\"page\">\n\t\t\t\t\t\t<section class=\"elementor-section elementor-top-section elementor-element elementor-element-8a5e092 elementor-section-boxed elementor-section-height-default elementor-section-height-default\" data-id=\"8a5e092\" data-element_type=\"section\">\n\t\t\t\t\t\t<div class=\"elementor-container elementor-column-gap-default\">\n\t\t\t\t\t<div class=\"elementor-column elementor-col-100 elementor-top-column elementor-element elementor-element-1dbbdb0\" data-id=\"1dbbdb0\" data-element_type=\"column\">\n\t\t\t<div class=\"elementor-widget-wrap\">\n\t\t\t\t\t\t\t<\/div>\n\t\t<\/div>\n\t\t\t\t\t<\/div>\n\t\t<\/section>\n\t\t\t\t<section class=\"elementor-section elementor-top-section elementor-element elementor-element-e382f9a elementor-section-boxed elementor-section-height-default elementor-section-height-default\" data-id=\"e382f9a\" data-element_type=\"section\">\n\t\t\t\t\t\t<div class=\"elementor-container elementor-column-gap-default\">\n\t\t\t\t\t<div class=\"elementor-column elementor-col-100 elementor-top-column elementor-element elementor-element-ec31a13\" data-id=\"ec31a13\" data-element_type=\"column\">\n\t\t\t<div class=\"elementor-widget-wrap elementor-element-populated\">\n\t\t\t\t\t\t<div class=\"elementor-element elementor-element-cad9a7f elementor-align-center elementor-widget elementor-widget-button\" data-id=\"cad9a7f\" data-element_type=\"widget\" data-widget_type=\"button.default\">\n\t\t\t\t<div class=\"elementor-widget-container\">\n\t\t\t\t\t\t\t\t\t<div class=\"elementor-button-wrapper\">\n\t\t\t\t\t<a class=\"elementor-button elementor-button-link elementor-size-xs\" href=\"http:\/\/www.haus-am-klosterpark.de\/\">\n\t\t\t\t\t\t<span class=\"elementor-button-content-wrapper\">\n\t\t\t\t\t\t<span class=\"elementor-button-icon\">\n\t\t\t\t\t\t\t\t\t<i class=\"fa fa-arrow-left\" aria-hidden=\"true\"><\/i>\n\t\t\t\t\t\t\t<\/span>\n\t\t\t\t\t\t\t\t<\/span>\n\t\t\t\t\t<\/a>\n\t\t\t\t<\/div>\n\t\t\t\t\t\t\t\t<\/div>\n\t\t\t\t<\/div>\n\t\t\t\t\t<\/div>\n\t\t<\/div>\n\t\t\t\t\t<\/div>\n\t\t<\/section>\n\t\t\t\t<section class=\"elementor-section elementor-top-section elementor-element elementor-element-9d0948f elementor-section-boxed elementor-section-height-default elementor-section-height-default\" data-id=\"9d0948f\" data-element_type=\"section\">\n\t\t\t\t\t\t<div class=\"elementor-container elementor-column-gap-default\">\n\t\t\t\t\t<div class=\"elementor-column elementor-col-100 elementor-top-column elementor-element elementor-element-2104196\" data-id=\"2104196\" data-element_type=\"column\">\n\t\t\t<div class=\"elementor-widget-wrap elementor-element-populated\">\n\t\t\t\t\t\t<div class=\"elementor-element elementor-element-cec85a7 elementor-widget elementor-widget-heading\" data-id=\"cec85a7\" data-element_type=\"widget\" data-widget_type=\"heading.default\">\n\t\t\t\t<div class=\"elementor-widget-container\">\n\t\t\t\t\t<h2 class=\"elementor-heading-title elementor-size-default\">Erkl\u00e4rung nach DSGVO f\u00fcr die Website haus-am-klosterpark.de <\/h2>\t\t\t\t<\/div>\n\t\t\t\t<\/div>\n\t\t\t\t\t<\/div>\n\t\t<\/div>\n\t\t\t\t\t<\/div>\n\t\t<\/section>\n\t\t\t\t<section class=\"elementor-section elementor-top-section elementor-element elementor-element-28ba81d elementor-section-boxed elementor-section-height-default elementor-section-height-default\" data-id=\"28ba81d\" data-element_type=\"section\">\n\t\t\t\t\t\t<div class=\"elementor-container elementor-column-gap-default\">\n\t\t\t\t\t<div class=\"elementor-column elementor-col-100 elementor-top-column elementor-element elementor-element-b86196d\" data-id=\"b86196d\" data-element_type=\"column\">\n\t\t\t<div class=\"elementor-widget-wrap elementor-element-populated\">\n\t\t\t\t\t\t<div class=\"elementor-element elementor-element-d2f88ed elementor-widget elementor-widget-text-editor\" data-id=\"d2f88ed\" data-element_type=\"widget\" data-widget_type=\"text-editor.default\">\n\t\t\t\t<div class=\"elementor-widget-container\">\n\t\t\t\t\t\t\t\t\t<h4>I. Verantwortlicher<\/h4>\n<p>Der Verantwortliche im Sinne der Datenschutzgrundverordnung (im Folgenden: \u201eDSGVO\u201c) und anderer nationaler Datenschutzgesetze sowie sonstiger datenschutzrechtlicher Bestimmungen ist:<\/p>\n<p>Haus am Klosterpark GmbH<br>Buxtehuder Stra\u00dfe 3<br>21698 Harsefeld<\/p>\n<p>Vertreten durch: <br>Walter und Cornelia Deden<br>(Gesch\u00e4ftsf\u00fchrer)<\/p>\n<p>Kontakt: <br><a href=\"mailto:info@haus-am-klosterpark.de\">info@haus-am-klosterpark.de<\/a><\/p>\t\t\t\t\t\t\t\t<\/div>\n\t\t\t\t<\/div>\n\t\t\t\t\t<\/div>\n\t\t<\/div>\n\t\t\t\t\t<\/div>\n\t\t<\/section>\n\t\t\t\t<section class=\"elementor-section elementor-top-section elementor-element elementor-element-9d01eef elementor-section-boxed elementor-section-height-default elementor-section-height-default\" data-id=\"9d01eef\" data-element_type=\"section\">\n\t\t\t\t\t\t<div class=\"elementor-container elementor-column-gap-default\">\n\t\t\t\t\t<div class=\"elementor-column elementor-col-100 elementor-top-column elementor-element elementor-element-15ffd37\" data-id=\"15ffd37\" data-element_type=\"column\">\n\t\t\t<div class=\"elementor-widget-wrap elementor-element-populated\">\n\t\t\t\t\t\t<div class=\"elementor-element elementor-element-f3369a7 elementor-widget elementor-widget-text-editor\" data-id=\"f3369a7\" data-element_type=\"widget\" data-widget_type=\"text-editor.default\">\n\t\t\t\t<div class=\"elementor-widget-container\">\n\t\t\t\t\t\t\t\t\t<h4>II. Allgemeines zur Datenverarbeitung<\/h4><p>Datenschutz hat f\u00fcr Haus am Klosterpark einen besonderen Stellenwert. Aus diesem Grund erheben und verwenden wir personenbezogene Daten unserer Nutzer grunds\u00e4tzlich auch nur, soweit dies zur Bereitstellung einer funktionsf\u00e4higen Website sowie unserer Inhalte und Leistungen erforderlich ist. Personenbezogene Daten sind alle Informationen, die sich auf eine identifizierte oder identifizierbare nat\u00fcrliche Person (im Folgenden: \u201ebetroffene Person\u201c) beziehen.<\/p><p>Die Erhebung und Verwendung personenbezogener Daten unserer Nutzer erfolgt stets im Einklang mit der DSGVO und den geltenden landesspezifischen Datenschutzregeln. Ist die Verarbeitung personenbezogener Daten erforderlich und ist eine solche Verarbeitung nicht durch gesetzliche Vorschriften gestattet, holen wir immer eine Einwilligung der betroffenen Person ein.<\/p><p>Eine Weitergabe von pers\u00f6nlichen Daten an Dritte findet grunds\u00e4tzlich nicht statt. Eine \u00dcbermittlung erfolgt nur, wenn Sie ausdr\u00fccklich eingewilligt haben (Art. 6 Abs. 1 S. 1 lit. a DSGVO); f\u00fcr die Weitergabe ein berechtigtes Interesse und kein Grund zur Annahme besteht, dass Sie ein \u00fcberwiegendes schutzw\u00fcrdiges Interesse an der Nichtweitergabe Ihrer Daten haben (Art. 6 Abs. 1 S. 1 lit. f DSGVO); f\u00fcr die Weitergabe eine gesetzliche Verpflichtung besteht (Art. 6 Abs. 1 S. 1 lit. c DSGVO); oder eine Weitergabe zul\u00e4ssig ist im Rahmen der Erf\u00fcllung eines Vertrages mit Ihnen (Art. 6 Abs. 1 S. 1 lit. b DSGVO)<\/p>\t\t\t\t\t\t\t\t<\/div>\n\t\t\t\t<\/div>\n\t\t\t\t\t<\/div>\n\t\t<\/div>\n\t\t\t\t\t<\/div>\n\t\t<\/section>\n\t\t\t\t<section class=\"elementor-section elementor-top-section elementor-element elementor-element-cd40b8d elementor-section-boxed elementor-section-height-default elementor-section-height-default\" data-id=\"cd40b8d\" data-element_type=\"section\">\n\t\t\t\t\t\t<div class=\"elementor-container elementor-column-gap-default\">\n\t\t\t\t\t<div class=\"elementor-column elementor-col-100 elementor-top-column elementor-element elementor-element-6baf45c\" data-id=\"6baf45c\" data-element_type=\"column\">\n\t\t\t<div class=\"elementor-widget-wrap elementor-element-populated\">\n\t\t\t\t\t\t<div class=\"elementor-element elementor-element-2d58288 elementor-widget elementor-widget-text-editor\" data-id=\"2d58288\" data-element_type=\"widget\" data-widget_type=\"text-editor.default\">\n\t\t\t\t<div class=\"elementor-widget-container\">\n\t\t\t\t\t\t\t\t\t<h4>III. Erhebung und Speicherung personenbezogener Daten beim Besuch der Website<\/h4><p>Bei jedem Aufruf unserer Website www.haus-am-klosterpark.de werden durch den von Ihnen genutzten Browser automatisiert Informationen an den Server unserer Website \u00fcbermittelt. Folgende Informationen werden dabei erfasst und bis zur automatischen L\u00f6schung gespeichert:<\/p><p>IP-Adresse des anfragenden Rechners,<br \/>Datum und Uhrzeit des Zugriffs,<br \/>Name und URL der abgerufenen Datei,<br \/>die Referrer-URL, d.h. die Website, von der aus der Zugriff erfolgte,<br \/>Informationen \u00fcber den verwendeten Browsertyp,<br \/>das Betriebssystem Ihres Rechners,<br \/>der Name Internet-Service-Providers.<\/p><p>Diese Daten werden nur tempor\u00e4r in einem sog. Logfile gespeichert. Nicht hiervon betroffen sind die IP-Adressen des Nutzers oder andere Daten, die die Zuordnung der Daten zu einem Nutzer erm\u00f6glichen. Eine Speicherung dieser Daten zusammen mit anderen personenbezogenen Daten des Nutzers findet nicht statt. Bei der Nutzung dieser Daten ziehen wir keinerlei R\u00fcckschl\u00fcsse auf die betroffene Person.<\/p><p>Die Rechtsgrundlage f\u00fcr diese Verarbeitung ist Art. 6 Abs. 1 S. 1 lit. f DSGVO. Unser berechtigtes Interesse liegt in der Bereitstellung einer funktionsf\u00e4higen Website mit korrekt ausgelieferten Inhalten, in der Optimierung unserer Systeme und darin, Strafverfolgungsbeh\u00f6rden im Falle eines Cyberangriffs die zur Strafverfolgung notwendigen Informationen bereitzustellen. Sobald kein berechtigtes Interesse mehr besteht und keine gesetzliche Aufbewahrungspflicht besteht, werden diese Daten routinem\u00e4\u00dfig gel\u00f6scht.<\/p><p>Dar\u00fcber hinaus nutzen wir Cookies und setzen Analyse- und Marketingdienste ein. N\u00e4here Informationen dazu finden Sie unter den Ziffern IV. und V. dieser Datenschutzerkl\u00e4rung.<\/p>\t\t\t\t\t\t\t\t<\/div>\n\t\t\t\t<\/div>\n\t\t\t\t\t<\/div>\n\t\t<\/div>\n\t\t\t\t\t<\/div>\n\t\t<\/section>\n\t\t\t\t<section class=\"elementor-section elementor-top-section elementor-element elementor-element-c219c99 elementor-section-boxed elementor-section-height-default elementor-section-height-default\" data-id=\"c219c99\" data-element_type=\"section\">\n\t\t\t\t\t\t<div class=\"elementor-container elementor-column-gap-default\">\n\t\t\t\t\t<div class=\"elementor-column elementor-col-100 elementor-top-column elementor-element elementor-element-71d9497\" data-id=\"71d9497\" data-element_type=\"column\">\n\t\t\t<div class=\"elementor-widget-wrap elementor-element-populated\">\n\t\t\t\t\t\t<div class=\"elementor-element elementor-element-09f09e8 elementor-widget elementor-widget-text-editor\" data-id=\"09f09e8\" data-element_type=\"widget\" data-widget_type=\"text-editor.default\">\n\t\t\t\t<div class=\"elementor-widget-container\">\n\t\t\t\t\t\t\t\t\t<h4>IV. Cookies<\/h4><p>Auf unserer Website setzen wir Cookies ein. Bei Cookies handelt es sich um kleine Textdateien, die Ihr Browser automatisch erstellt und die auf Ihrem Endger\u00e4t gespeichert werden k\u00f6nnen. Dieser Cookie enth\u00e4lt eine charakteristische Zeichenfolge, die eine eindeutige Identifizierung des Browsers beim erneuten Aufrufen der Website erm\u00f6glicht. Dies bedeutet nicht, dass wir dadurch unmittelbar Kenntnis von Ihrer Identit\u00e4t erhalten.<\/p><p>Der Einsatz von Cookies dient einerseits dazu, die Nutzung unseres Angebots f\u00fcr Sie angenehmer zu gestalten. Dar\u00fcber hinaus setzen wir Cookies zur Optimierung der Benutzerfreundlichkeit und unseres Angebots und zur statistischen Erfassung ein.<\/p><p>Wir setzen sogenannte Session-Cookies ein, um zu erkennen, dass Sie einzelne Seiten unserer Website bereits besucht haben. Diese Cookies werden nach Verlassen unserer Seite automatisch gel\u00f6scht. Dar\u00fcber hinaus setzen wir tempor\u00e4re Cookies ein, die f\u00fcr einen bestimmten festgelegten Zeitraum auf Ihrem Endger\u00e4t gespeichert werden. Besuchen Sie unsere Seite erneut, wird automatisch erkannt, dass Sie bereits bei uns waren und welche Eingaben und Einstellungen sie get\u00e4tigt haben, um diese nicht noch einmal eingeben zu m\u00fcssen. Zu den erhobenen Daten geh\u00f6ren die H\u00e4ufigkeit von Seitenaufrufen, eingegebene Suchbegriffe und die Inanspruchnahme von Website-Funktionen.<\/p><p>Der Einsatz von Cookies zur statistischen Erfassung und Auswertung unseres Angebots ist in Ziffer V. genauer beschrieben. Diese Cookies erm\u00f6glichen es uns, bei einem erneuten Besuch unserer Seite automatisch zu erkennen, dass Sie bereits bei uns waren. Diese Cookies werden nach einer jeweils definierten Zeit automatisch gel\u00f6scht.<\/p><p>Die durch Cookies verarbeiteten Daten sind f\u00fcr die genannten Zwecke zur Wahrung unserer berechtigten Interessen sowie der Dritter nach Art. 6 Abs. 1 S. 1 lit. f DSGVO erforderlich. Unser berechtigtes Interesse liegt in der Bereitstellung einer funktionalen und benutzerfreundlichen Website.<\/p><p>Die meisten Browser akzeptieren Cookies automatisch. Sie k\u00f6nnen Ihren Browser jedoch so konfigurieren, dass keine Cookies auf Ihrem Computer gespeichert werden oder stets ein Hinweis erscheint, bevor ein neuer Cookie angelegt wird. Die vollst\u00e4ndige Deaktivierung von Cookies kann jedoch dazu f\u00fchren, dass Sie nicht alle Funktionen unserer Website nutzen k\u00f6nnen.<\/p>\t\t\t\t\t\t\t\t<\/div>\n\t\t\t\t<\/div>\n\t\t\t\t\t<\/div>\n\t\t<\/div>\n\t\t\t\t\t<\/div>\n\t\t<\/section>\n\t\t\t\t<section class=\"elementor-section elementor-top-section elementor-element elementor-element-07a31ba elementor-section-boxed elementor-section-height-default elementor-section-height-default\" data-id=\"07a31ba\" data-element_type=\"section\">\n\t\t\t\t\t\t<div class=\"elementor-container elementor-column-gap-default\">\n\t\t\t\t\t<div class=\"elementor-column elementor-col-100 elementor-top-column elementor-element elementor-element-b7f525a\" data-id=\"b7f525a\" data-element_type=\"column\">\n\t\t\t<div class=\"elementor-widget-wrap elementor-element-populated\">\n\t\t\t\t\t\t<div class=\"elementor-element elementor-element-cdbf672 elementor-widget elementor-widget-text-editor\" data-id=\"cdbf672\" data-element_type=\"widget\" data-widget_type=\"text-editor.default\">\n\t\t\t\t<div class=\"elementor-widget-container\">\n\t\t\t\t\t\t\t\t\t<h4>V. Einsatz von Analysediensten (Google Analytics)<\/h4><p>Zum Zwecke der bedarfsgerechten Gestaltung und fortlaufenden Optimierung unserer Seiten nutzen wir Google Analytics, ein Webanalysedienst der Google Inc., 1600 Amphitheatre Parkway, Mountain View, CA 94043, USA (im Folgenden: \u201eGoogle\u201c) (https:\/\/www.google.de\/intl\/de\/about\/).<\/p><p>Wir setzen Google Analytics auf Grundlage des Art. 6 Abs. 1 S. 1 lit. f DSGVO ein. Wir wollen damit eine bedarfsgerechte Gestaltung und die fortlaufende Optimierung unserer Website sicherstellen. Zum anderen setzen wir die Tracking-Ma\u00dfnahmen ein, um die Nutzung unserer Webseite statistisch zu erfassen und zum Zwecke der Optimierung unseres Angebotes f\u00fcr Sie auszuwerten. Diese Interessen sind als berechtigt im Sinne der vorgenannten Vorschrift anzusehen.<\/p><p>In diesem Zusammenhang werden pseudonymisierte Nutzungsprofile erstellt und Cookies (siehe unter Ziffer IV.) verwendet. Die durch den Cookie erzeugten Informationen \u00fcber Ihre Benutzung dieser Website wie<\/p><p>Browser-Typ\/-Version,<br \/>verwendetes Betriebssystem,<br \/>Referrer-URL (die zuvor besuchte Seite),<br \/>Hostname des zugreifenden Rechners (IP-Adresse),<br \/>Uhrzeit der Serveranfrage,<\/p><p>werden in der Regel an einen Server von Google in den USA \u00fcbertragen und dort gespeichert.<br \/>Diese Informationen werden gegebenenfalls an Dritte \u00fcbertragen, sofern dies gesetzlich vorgeschrieben ist oder soweit Dritte diese Daten im Auftrag verarbeiten. Es wird in keinem Fall die von Ihrem Browser \u00fcbertragene IP-Adresse mit anderen Daten von Google zusammengef\u00fchrt. Die IP-Adressen werden anonymisiert, so dass eine Zuordnung nicht m\u00f6glich ist (IP-Masking). Nur in Ausnahmef\u00e4llen wird die volle IP-Adresse an einen Server von Google in den USA \u00fcbertragen und dort gek\u00fcrzt.<\/p><p>In unserem Auftrag wird Google diese Information benutzen, um Ihre Nutzung der Website auszuwerten, um Reports \u00fcber die Website-Aktivit\u00e4ten zusammenzustellen und um weitere mit der Website-Nutzung und der Internetnutzung verbundene Dienstleistungen gegen\u00fcber uns zu erbringen.<\/p><p>Sie k\u00f6nnen die Installation der Cookies durch eine entsprechende Einstellung der Browser-Software verhindern; wir weisen jedoch darauf hin, dass in diesem Fall gegebenenfalls nicht s\u00e4mtliche Funktionen dieser Website vollumf\u00e4nglich genutzt werden k\u00f6nnen. Sie k\u00f6nnen dar\u00fcber hinaus die Erfassung der durch das Cookie erzeugten und auf Ihre Nutzung der Website bezogenen Daten (inkl. Ihrer IP-Adresse) sowie die Verarbeitung dieser Daten durch Google verhindern, indem Sie ein Browser-Add-on herunterladen und installieren (<a href=\"https:\/\/tools.google.com\/dlpage\/gaoptout?hl=de\" target=\"_blank\" rel=\"noopener\">https:\/\/tools.google.com\/dlpage\/gaoptout?hl=de<\/a>).<\/p><p>Weitere Informationen zum Datenschutz im Zusammenhang mit Google Analytics finden Sie etwa in der Google Analytics-Hilfe: <a href=\"https:\/\/support.google.com\/analytics\/answer\/6004245?hl=de\" target=\"_blank\" rel=\"noopener\">https:\/\/support.google.com\/analytics\/answer\/6004245?hl=de<\/a>.<\/p>\t\t\t\t\t\t\t\t<\/div>\n\t\t\t\t<\/div>\n\t\t\t\t\t<\/div>\n\t\t<\/div>\n\t\t\t\t\t<\/div>\n\t\t<\/section>\n\t\t\t\t<section class=\"elementor-section elementor-top-section elementor-element elementor-element-0f42a97 elementor-section-boxed elementor-section-height-default elementor-section-height-default\" data-id=\"0f42a97\" data-element_type=\"section\">\n\t\t\t\t\t\t<div class=\"elementor-container elementor-column-gap-default\">\n\t\t\t\t\t<div class=\"elementor-column elementor-col-100 elementor-top-column elementor-element elementor-element-e8f26ab\" data-id=\"e8f26ab\" data-element_type=\"column\">\n\t\t\t<div class=\"elementor-widget-wrap elementor-element-populated\">\n\t\t\t\t\t\t<div class=\"elementor-element elementor-element-0cf9445 elementor-widget elementor-widget-text-editor\" data-id=\"0cf9445\" data-element_type=\"widget\" data-widget_type=\"text-editor.default\">\n\t\t\t\t<div class=\"elementor-widget-container\">\n\t\t\t\t\t\t\t\t\t<h4>VI. Kontaktaufnahme \u00fcber die Website<\/h4><p>Unsere Seite enth\u00e4lt aufgrund gesetzlicher Vorschriften Angaben, die eine schnelle elektronische Kontaktaufnahme zu unserem Unternehmen mit uns erm\u00f6glichen (insb. E-Mail-Adresse). Sofern sie per E-Mail Kontakt zu uns aufnehmen, werden Ihre freiwillig \u00fcbermittelten personenbezogenen Daten zum Zwecke der Bearbeitung oder der Kontaktaufnahme zu Ihnen automatisch gespeichert. Eine Weitergabe dieser Daten findet nicht statt.<\/p><p>Die Daten werden gel\u00f6scht, wenn keine gesetzliche Aufbewahrungsfrist mehr besteht und sofern sie nicht mehr zur Vertragserf\u00fcllung oder Vertragsanbahnung erforderlich sind. Rechtsgrundlage f\u00fcr die Verarbeitung der Daten, die im Zuge einer \u00dcbersendung einer E-Mail \u00fcbermittelt werden, ist Art. 6 Abs. 1 S. 1 lit. f DSGVO. Das berechtigte Interesse im Sinne der DSGVO ist die Bearbeitung und Beantwortung Ihrer Kontaktaufnahme.<\/p><p>Die Daten werden gel\u00f6scht, sobald sie f\u00fcr die Erreichung des Zweckes ist dies dann der Fall, wenn die jeweilige Konversation mit dem Nutzer beendet ist. Beendet ist die Konversation dann, wenn sich aus den Umst\u00e4nden entnehmen l\u00e4sst, dass der betroffene Sachverhalt abschlie\u00dfend gekl\u00e4rt ist. Sie haben die M\u00f6glichkeit, der Speicherung Ihrer personenbezogener Daten jederzeit zu widersprechen. Wenden Sie sich dazu an den in Ziffer I. genannten Verantwortlichen (schriftlich, per E-Mail oder telefonisch). Die Daten aus der bisherigen Kommunikation werden dann gel\u00f6scht, eine weitere Konversation ist nicht mehr m\u00f6glich.<\/p>\t\t\t\t\t\t\t\t<\/div>\n\t\t\t\t<\/div>\n\t\t\t\t\t<\/div>\n\t\t<\/div>\n\t\t\t\t\t<\/div>\n\t\t<\/section>\n\t\t\t\t<section class=\"elementor-section elementor-top-section elementor-element elementor-element-ec33da2 elementor-section-boxed elementor-section-height-default elementor-section-height-default\" data-id=\"ec33da2\" data-element_type=\"section\">\n\t\t\t\t\t\t<div class=\"elementor-container elementor-column-gap-default\">\n\t\t\t\t\t<div class=\"elementor-column elementor-col-100 elementor-top-column elementor-element elementor-element-4b4725b\" data-id=\"4b4725b\" data-element_type=\"column\">\n\t\t\t<div class=\"elementor-widget-wrap elementor-element-populated\">\n\t\t\t\t\t\t<div class=\"elementor-element elementor-element-b6cbb64 elementor-widget elementor-widget-text-editor\" data-id=\"b6cbb64\" data-element_type=\"widget\" data-widget_type=\"text-editor.default\">\n\t\t\t\t<div class=\"elementor-widget-container\">\n\t\t\t\t\t\t\t\t\t<h4>VII. Betroffenenrechte<\/h4><p>Als betroffene Person stehen Ihnen folgende Rechte gegen\u00fcber dem Verantwortlichen zu. M\u00f6chten Sie eines dieser Rechte in Anspruch nehmen, wenden Sie sich hierzu \u00fcber die in Ziffer I genannten Kontaktdaten an den Verantwortlichen.<\/p><p><strong>1. Recht auf Auskunft (Art. 15 DSGVO)<\/strong> <br \/>Sie k\u00f6nnen von dem Verantwortlichen Auskunft dar\u00fcber verlangen, ob Sie betreffende personenbezogene Daten von ihm verarbeitet werden.<\/p><p>Sofern eine Verarbeitung vorliegt, k\u00f6nnen Sie von dem Verantwortlichen Auskunft \u00fcber diese personenbezogenen Daten sowie \u00fcber die Verarbeitungszwecke; die Kategorien personenbezogener Daten, die verarbeitet werden; die Empf\u00e4nger bzw. die Kategorien von Empf\u00e4ngern, gegen\u00fcber denen die Sie betreffenden personenbezogenen Daten offengelegt worden sind oder noch offengelegt werden; die geplante Dauer, f\u00fcr die die Sie betreffenden personenbezogenen Daten gespeichert werden, oder, falls dies nicht m\u00f6glich ist, die Kriterien f\u00fcr die Festlegung der Speicherdauer; das Bestehen eines Rechts auf Berichtigung oder L\u00f6schung der Sie betreffenden personenbezogenen Daten oder auf Einschr\u00e4nkung der Verarbeitung durch den Verantwortlichen oder eines Widerspruchsrechts gegen diese Verarbeitung; das Bestehen eines Beschwerderechts bei einer Aufsichtsbeh\u00f6rde; wenn die personenbezogenen Daten nicht bei Ihnen erhoben werden, alle verf\u00fcgbaren Informationen \u00fcber die Herkunft der Daten; das Bestehen einer automatisierten Entscheidungsfindung einschlie\u00dflich Profiling gem. Art. 22 Abs. 1, 4 DSGVO und \u2013 zumindest in diesen F\u00e4llen \u2013 aussagekr\u00e4ftige Informationen \u00fcber die involvierte Logik sowie die Tragweite und die angestrebten Auswirkungen einer derartigen Verarbeitung f\u00fcr die betroffene Person; die \u00dcbermittlung personenbezogener Daten in ein Drittland oder an eine internationale Organisation sowie \u00fcber die in diesem Zusammengang geeigneten Garantien gem. Art. 46 DSGVO; Auskunft verlangen.<\/p><p><strong>2. Recht auf Berichtigung (Art. 16 DSGVO)<\/strong> <br \/>Sie haben ein Recht auf unverz\u00fcgliche Berichtigung und\/oder Vervollst\u00e4ndigung ihrer personenbezogenen Daten gegen\u00fcber dem Verantwortlichen, wenn die Sie betreffenden verarbeiteten personenbezogenen Daten unrichtig oder unvollst\u00e4ndig sind.<\/p><p><strong>3. Recht auf L\u00f6schung (Art. 17 DSGVO)<\/strong> <br \/>Sie k\u00f6nnen die L\u00f6schung Ihrer bei uns gespeicherten Daten verlangen, wenn die Daten f\u00fcr die Zwecke, f\u00fcr die sie erhoben oder verarbeitet wurden, nicht mehr notwendig sind; Sie Ihre Einwilligung widerrufen und es keine anderweitige Rechtsgrundlage f\u00fcr die Verarbeitung gibt; Sie Widerspruch gem. Art. 21 Abs. 1 DSGVO einlegen und keine vorrangigen berechtigten Gr\u00fcnde f\u00fcr die Verarbeitung vorliegen oder Sie gem. gem. Art. 21 Abs. 2 DSGVO Widerspruch einlegen; die personenbezogenen Daten unrechtm\u00e4\u00dfig verarbeitet wurden; die L\u00f6schung zur Erf\u00fcllung einer gesetzlichen Verpflichtung erforderlich ist; oder die personenbezogenen Daten in Bezug auf angebotene Dienste der Informationsgesellschaft gem. Art. 8 Abs. 1 DSGVO erhoben wurden. Dieses Recht auf L\u00f6schung gilt nicht, soweit die Verarbeitung zur Aus\u00fcbung des Rechts auf freie Meinungs\u00e4u\u00dferung und Information; zur Erf\u00fcllung einer rechtlichen Verpflichtung; aus Gr\u00fcnden des \u00f6ffentlichen Interesses; oder zur Geltendmachung, Aus\u00fcbung oder Verteidigung von Rechtsanspr\u00fcchen erforderlich ist.<\/p><p><strong>4. Recht auf Einschr\u00e4nkung der Verarbeitung (Art. 18 DSGVO)<\/strong> <br \/>Sie k\u00f6nnen die Einschr\u00e4nkung der Verarbeitung der Sie betreffenden personenbezogenen Daten verlangen, wenn die Richtigkeit der personenbezogenen Daten von Ihnen bestritten wird f\u00fcr die Dauer der \u00dcberpr\u00fcfung der Richtigkeit durch den Verantwortlichen; die Verarbeitung unrechtm\u00e4\u00dfig ist und Sie statt der L\u00f6schung die Einschr\u00e4nkung der Verarbeitung verlangen; der Verantwortliche die Daten nicht l\u00e4nger ben\u00f6tigt, Sie diese jedoch zur Geltendmachung, Aus\u00fcbung oder Verteidigung von Rechtsanspr\u00fcchen ben\u00f6tigen; oder Sie Widerspruch gegen die Verarbeitung gem. Art. 21 Abs. 1 DSGVO eingelegt haben und noch nicht feststeht, ob berechtigte Gr\u00fcnde des Verantwortlichen gegen\u00fcber Ihren Gr\u00fcnden \u00fcberwiegen.<\/p><p>Wurde die Verarbeitung der Sie betreffenden personenbezogenen Daten eingeschr\u00e4nkt, d\u00fcrfen diese Daten \u2013 von ihrer Speicherung abgesehen \u2013 nur mit Ihrer Einwilligung oder zur Geltendmachung, Aus\u00fcbung oder Verteidigung von Rechtsanspr\u00fcchen oder zum Schutz der Rechte einer anderen nat\u00fcrlichen oder juristischen Person oder aus Gr\u00fcnden eines wichtigen \u00f6ffentlichen Interesses der Union oder eines Mitgliedstaats verarbeitet werden.<\/p><p>Wurde die Einschr\u00e4nkung der Verarbeitung nach den o.g. Voraussetzungen eingeschr\u00e4nkt, werden Sie von dem Verantwortlichen unterrichtet bevor die Einschr\u00e4nkung aufgehoben wird.<\/p><p><strong>5. Recht auf Daten\u00fcbertragbarkeit (Art. 20 DSGVO)<\/strong> <br \/>Sie haben das Recht, Ihre personenbezogenen Daten, die Sie uns bereitgestellt haben, in einem strukturierten, g\u00e4ngigen und maschinenlesbaren Format zu erhalten oder die \u00dcbermittlung an einen anderen Verantwortlichen zu verlangen.<\/p><p><strong>6. Recht auf Widerspruch<\/strong> <br \/>Sofern Ihre personenbezogenen Daten auf Grundlage von berechtigten Interessen gem. Art. 6 Abs. 1 S. 1 lit. f DSGVO verarbeitet werden, haben Sie das Recht Widerspruch gegen die Verarbeitung Ihrer personenbezogenen Daten einzulegen, soweit daf\u00fcr Gr\u00fcnde vorliegen, die sich aus Ihrer besonderen Situation ergeben. Richtet sich der Widerspruch gegen Direktwerbung, haben Sie ein generelles Widerspruchsrecht, das ohne Angabe einer besonderen Situation von uns umgesetzt wird.<\/p><p><strong>7. Recht auf Widerruf einer Einwilligung (Art. 7 Abs. 3 DSGVO)<\/strong> <br \/>Sie haben das Recht Ihre einmal erteilte Einwilligung jederzeit uns gegen\u00fcber zu widerrufen mit der Folge, dass wir die auf dieser Einwilligung beruhende Datenverarbeitung f\u00fcr die Zukunft nicht mehr fortf\u00fchren d\u00fcrfen.<\/p><p><strong>8. Beschwerderecht (Art. 77 DSGVO)<\/strong> <br \/>Sie haben das Recht sich bei einer Aufsichtsbeh\u00f6rde zu beschweren. Sie k\u00f6nnen sich daf\u00fcr an die Aufsichtsbeh\u00f6rde Ihres Aufenthaltsortes oder Arbeitsplatzes wenden oder an die f\u00fcr uns zust\u00e4ndige Aufsichtsbeh\u00f6rde.<\/p>\t\t\t\t\t\t\t\t<\/div>\n\t\t\t\t<\/div>\n\t\t\t\t\t<\/div>\n\t\t<\/div>\n\t\t\t\t\t<\/div>\n\t\t<\/section>\n\t\t\t\t<section class=\"elementor-section elementor-top-section elementor-element elementor-element-4ad1efa elementor-section-boxed elementor-section-height-default elementor-section-height-default\" data-id=\"4ad1efa\" data-element_type=\"section\">\n\t\t\t\t\t\t<div class=\"elementor-container elementor-column-gap-default\">\n\t\t\t\t\t<div class=\"elementor-column elementor-col-100 elementor-top-column elementor-element elementor-element-dd44fc7\" data-id=\"dd44fc7\" data-element_type=\"column\">\n\t\t\t<div class=\"elementor-widget-wrap elementor-element-populated\">\n\t\t\t\t\t\t<div class=\"elementor-element elementor-element-f622d14 elementor-widget elementor-widget-text-editor\" data-id=\"f622d14\" data-element_type=\"widget\" data-widget_type=\"text-editor.default\">\n\t\t\t\t<div class=\"elementor-widget-container\">\n\t\t\t\t\t\t\t\t\t<h4>VIII. Aktualit\u00e4t und \u00c4nderung dieser Datenschutzerkl\u00e4rung<\/h4><p>Diese Datenschutzerkl\u00e4rung ist aktuell g\u00fcltig auf dem Stand Mai 2018. Durch die Weiterentwicklung unserer Website und Angebote oder aufgrund ge\u00e4nderter gesetzlicher Vorgaben kann eine \u00c4nderung dieser Erkl\u00e4rung notwendig werden.<\/p>\t\t\t\t\t\t\t\t<\/div>\n\t\t\t\t<\/div>\n\t\t\t\t\t<\/div>\n\t\t<\/div>\n\t\t\t\t\t<\/div>\n\t\t<\/section>\n\t\t\t\t<\/div>\n\t\t","protected":false},"excerpt":{"rendered":"<p>Erkl\u00e4rung nach DSGVO f\u00fcr die Website haus-am-klosterpark.de I. Verantwortlicher Der Verantwortliche im Sinne der Datenschutzgrundverordnung (im Folgenden: \u201eDSGVO\u201c) und anderer nationaler Datenschutzgesetze sowie sonstiger datenschutzrechtlicher Bestimmungen ist: Haus am Klosterpark GmbHBuxtehuder Stra\u00dfe 321698 Harsefeld Vertreten durch: Walter und Cornelia Deden(Gesch\u00e4ftsf\u00fchrer) Kontakt: info@haus-am-klosterpark.de II. Allgemeines zur Datenverarbeitung Datenschutz hat f\u00fcr Haus am Klosterpark einen besonderen Stellenwert. [&hellip;]<\/p>\n","protected":false},"author":2,"featured_media":0,"parent":0,"menu_order":0,"comment_status":"closed","ping_status":"closed","template":"elementor_canvas","meta":{"footnotes":""},"class_list":["post-25","page","type-page","status-publish","hentry"],"_links":{"self":[{"href":"https:\/\/www.haus-am-klosterpark.de\/index.php?rest_route=\/wp\/v2\/pages\/25","targetHints":{"allow":["GET"]}}],"collection":[{"href":"https:\/\/www.haus-am-klosterpark.de\/index.php?rest_route=\/wp\/v2\/pages"}],"about":[{"href":"https:\/\/www.haus-am-klosterpark.de\/index.php?rest_route=\/wp\/v2\/types\/page"}],"author":[{"embeddable":true,"href":"https:\/\/www.haus-am-klosterpark.de\/index.php?rest_route=\/wp\/v2\/users\/2"}],"replies":[{"embeddable":true,"href":"https:\/\/www.haus-am-klosterpark.de\/index.php?rest_route=%2Fwp%2Fv2%2Fcomments&post=25"}],"version-history":[{"count":15,"href":"https:\/\/www.haus-am-klosterpark.de\/index.php?rest_route=\/wp\/v2\/pages\/25\/revisions"}],"predecessor-version":[{"id":786,"href":"https:\/\/www.haus-am-klosterpark.de\/index.php?rest_route=\/wp\/v2\/pages\/25\/revisions\/786"}],"wp:attachment":[{"href":"https:\/\/www.haus-am-klosterpark.de\/index.php?rest_route=%2Fwp%2Fv2%2Fmedia&parent=25"}],"curies":[{"name":"wp","href":"https:\/\/api.w.org\/{rel}","templated":true}]}}