{"id":27,"date":"2019-05-06T09:55:02","date_gmt":"2019-05-06T07:55:02","guid":{"rendered":"http:\/\/www.haus-am-klosterpark.de\/?page_id=27"},"modified":"2024-10-09T08:52:48","modified_gmt":"2024-10-09T06:52:48","slug":"impressum","status":"publish","type":"page","link":"https:\/\/www.haus-am-klosterpark.de\/?page_id=27","title":{"rendered":"Impressum"},"content":{"rendered":"\t\t<div data-elementor-type=\"wp-post\" data-elementor-id=\"27\" class=\"elementor elementor-27\" data-elementor-post-type=\"page\">\n\t\t\t\t\t\t<section class=\"elementor-section elementor-top-section elementor-element elementor-element-a907042 elementor-section-boxed elementor-section-height-default elementor-section-height-default\" data-id=\"a907042\" data-element_type=\"section\">\n\t\t\t\t\t\t<div class=\"elementor-container elementor-column-gap-default\">\n\t\t\t\t\t<div class=\"elementor-column elementor-col-100 elementor-top-column elementor-element elementor-element-b0a6d90\" data-id=\"b0a6d90\" data-element_type=\"column\">\n\t\t\t<div class=\"elementor-widget-wrap elementor-element-populated\">\n\t\t\t\t\t\t<div class=\"elementor-element elementor-element-1561771 elementor-align-center elementor-widget elementor-widget-button\" data-id=\"1561771\" data-element_type=\"widget\" data-widget_type=\"button.default\">\n\t\t\t\t<div class=\"elementor-widget-container\">\n\t\t\t\t\t\t\t\t\t<div class=\"elementor-button-wrapper\">\n\t\t\t\t\t<a class=\"elementor-button elementor-button-link elementor-size-xs\" href=\"http:\/\/www.haus-am-klosterpark.de\/\">\n\t\t\t\t\t\t<span class=\"elementor-button-content-wrapper\">\n\t\t\t\t\t\t<span class=\"elementor-button-icon\">\n\t\t\t\t\t\t\t\t\t<i class=\"fa fa-arrow-left\" aria-hidden=\"true\"><\/i>\n\t\t\t\t\t\t\t<\/span>\n\t\t\t\t\t\t\t\t<\/span>\n\t\t\t\t\t<\/a>\n\t\t\t\t<\/div>\n\t\t\t\t\t\t\t\t<\/div>\n\t\t\t\t<\/div>\n\t\t\t\t\t<\/div>\n\t\t<\/div>\n\t\t\t\t\t<\/div>\n\t\t<\/section>\n\t\t\t\t<section class=\"elementor-section elementor-top-section elementor-element elementor-element-78326d8 elementor-section-boxed elementor-section-height-default elementor-section-height-default\" data-id=\"78326d8\" data-element_type=\"section\">\n\t\t\t\t\t\t<div class=\"elementor-container elementor-column-gap-default\">\n\t\t\t\t\t<div class=\"elementor-column elementor-col-100 elementor-top-column elementor-element elementor-element-5ae3470\" data-id=\"5ae3470\" data-element_type=\"column\">\n\t\t\t<div class=\"elementor-widget-wrap elementor-element-populated\">\n\t\t\t\t\t\t<div class=\"elementor-element elementor-element-a83d97f elementor-widget elementor-widget-heading\" data-id=\"a83d97f\" data-element_type=\"widget\" data-widget_type=\"heading.default\">\n\t\t\t\t<div class=\"elementor-widget-container\">\n\t\t\t\t\t<h2 class=\"elementor-heading-title elementor-size-default\">Impressum<\/h2>\t\t\t\t<\/div>\n\t\t\t\t<\/div>\n\t\t\t\t\t<\/div>\n\t\t<\/div>\n\t\t\t\t\t<\/div>\n\t\t<\/section>\n\t\t\t\t<section class=\"elementor-section elementor-top-section elementor-element elementor-element-329fc7e elementor-section-boxed elementor-section-height-default elementor-section-height-default\" data-id=\"329fc7e\" data-element_type=\"section\">\n\t\t\t\t\t\t<div class=\"elementor-container elementor-column-gap-default\">\n\t\t\t\t\t<div class=\"elementor-column elementor-col-100 elementor-top-column elementor-element elementor-element-39f3a14\" data-id=\"39f3a14\" data-element_type=\"column\">\n\t\t\t<div class=\"elementor-widget-wrap elementor-element-populated\">\n\t\t\t\t\t\t<div class=\"elementor-element elementor-element-0065f6f elementor-widget elementor-widget-text-editor\" data-id=\"0065f6f\" data-element_type=\"widget\" data-widget_type=\"text-editor.default\">\n\t\t\t\t<div class=\"elementor-widget-container\">\n\t\t\t\t\t\t\t\t\t<p>Rechtliches vom Haus am Klosterpark<\/p>\t\t\t\t\t\t\t\t<\/div>\n\t\t\t\t<\/div>\n\t\t\t\t\t<\/div>\n\t\t<\/div>\n\t\t\t\t\t<\/div>\n\t\t<\/section>\n\t\t\t\t<section class=\"elementor-section elementor-top-section elementor-element elementor-element-75b5918 elementor-section-boxed elementor-section-height-default elementor-section-height-default\" data-id=\"75b5918\" data-element_type=\"section\">\n\t\t\t\t\t\t<div class=\"elementor-container elementor-column-gap-default\">\n\t\t\t\t\t<div class=\"elementor-column elementor-col-100 elementor-top-column elementor-element elementor-element-ab2da22\" data-id=\"ab2da22\" data-element_type=\"column\">\n\t\t\t<div class=\"elementor-widget-wrap elementor-element-populated\">\n\t\t\t\t\t\t<div class=\"elementor-element elementor-element-fcdddea elementor-widget elementor-widget-text-editor\" data-id=\"fcdddea\" data-element_type=\"widget\" data-widget_type=\"text-editor.default\">\n\t\t\t\t<div class=\"elementor-widget-container\">\n\t\t\t\t\t\t\t\t\t<p>\u00a0<\/p><p>Haus am Klosterpark GmbH<br \/>Buxtehuder Stra\u00dfe 3<br \/>21698 Harsefeld<\/p><p>Vertreten durch:<br \/>Walter und Cornelia Deden<br \/>(Gesch\u00e4ftsf\u00fchrer)<\/p><p>Kontakt:<br \/><a href=\"mailto:info@haus-am-klosterpark.de\">info@haus-am-klosterpark.de<\/a><\/p>\t\t\t\t\t\t\t\t<\/div>\n\t\t\t\t<\/div>\n\t\t\t\t\t<\/div>\n\t\t<\/div>\n\t\t\t\t\t<\/div>\n\t\t<\/section>\n\t\t\t\t<section class=\"elementor-section elementor-top-section elementor-element elementor-element-5ec78b3 elementor-section-boxed elementor-section-height-default elementor-section-height-default\" data-id=\"5ec78b3\" data-element_type=\"section\">\n\t\t\t\t\t\t<div class=\"elementor-container elementor-column-gap-default\">\n\t\t\t\t\t<div class=\"elementor-column elementor-col-100 elementor-top-column elementor-element elementor-element-4dfa9f1\" data-id=\"4dfa9f1\" data-element_type=\"column\">\n\t\t\t<div class=\"elementor-widget-wrap elementor-element-populated\">\n\t\t\t\t\t\t<div class=\"elementor-element elementor-element-8e85e2a elementor-widget elementor-widget-text-editor\" data-id=\"8e85e2a\" data-element_type=\"widget\" data-widget_type=\"text-editor.default\">\n\t\t\t\t<div class=\"elementor-widget-container\">\n\t\t\t\t\t\t\t\t\t<p><strong>Registereintrag<br \/><\/strong> <br \/>Eintragung im Handelsregister <br \/>Registergericht: Tostedt<br \/>Registernummer: HRB 205833<\/p>\t\t\t\t\t\t\t\t<\/div>\n\t\t\t\t<\/div>\n\t\t\t\t\t<\/div>\n\t\t<\/div>\n\t\t\t\t\t<\/div>\n\t\t<\/section>\n\t\t\t\t<section class=\"elementor-section elementor-top-section elementor-element elementor-element-8a67f21 elementor-section-boxed elementor-section-height-default elementor-section-height-default\" data-id=\"8a67f21\" data-element_type=\"section\">\n\t\t\t\t\t\t<div class=\"elementor-container elementor-column-gap-default\">\n\t\t\t\t\t<div class=\"elementor-column elementor-col-100 elementor-top-column elementor-element elementor-element-11eb78a\" data-id=\"11eb78a\" data-element_type=\"column\">\n\t\t\t<div class=\"elementor-widget-wrap elementor-element-populated\">\n\t\t\t\t\t\t<div class=\"elementor-element elementor-element-7dfa03b elementor-widget elementor-widget-text-editor\" data-id=\"7dfa03b\" data-element_type=\"widget\" data-widget_type=\"text-editor.default\">\n\t\t\t\t<div class=\"elementor-widget-container\">\n\t\t\t\t\t\t\t\t\t<p><strong>Verantwortlich f\u00fcr den Inhalt nach \u00a7 55 Abs. 2 RStV<br \/><\/strong> <br \/>Walter und Cornelia Deden<\/p>\t\t\t\t\t\t\t\t<\/div>\n\t\t\t\t<\/div>\n\t\t\t\t\t<\/div>\n\t\t<\/div>\n\t\t\t\t\t<\/div>\n\t\t<\/section>\n\t\t\t\t<section class=\"elementor-section elementor-top-section elementor-element elementor-element-7deb359 elementor-section-boxed elementor-section-height-default elementor-section-height-default\" data-id=\"7deb359\" data-element_type=\"section\">\n\t\t\t\t\t\t<div class=\"elementor-container elementor-column-gap-default\">\n\t\t\t\t\t<div class=\"elementor-column elementor-col-100 elementor-top-column elementor-element elementor-element-c03a1fe\" data-id=\"c03a1fe\" data-element_type=\"column\">\n\t\t\t<div class=\"elementor-widget-wrap elementor-element-populated\">\n\t\t\t\t\t\t<div class=\"elementor-element elementor-element-f7d376c elementor-widget elementor-widget-text-editor\" data-id=\"f7d376c\" data-element_type=\"widget\" data-widget_type=\"text-editor.default\">\n\t\t\t\t<div class=\"elementor-widget-container\">\n\t\t\t\t\t\t\t\t\t<p><strong>Haftungsausschluss<br><\/strong> <br><strong>Haftung f\u00fcr Inhalte<\/strong> <br>Die Inhalte unserer Seiten wurden mit gr\u00f6\u00dfter Sorgfalt erstellt. F\u00fcr die Richtigkeit, Vollst\u00e4ndigkeit und Aktualit\u00e4t der Inhalte k\u00f6nnen wir jedoch keine Gew\u00e4hr \u00fcbernehmen. Als Diensteanbieter sind wir gem\u00e4\u00df \u00a7 7 Abs.1 DDG f\u00fcr eigene Inhalte auf diesen Seiten nach den allgemeinen Gesetzen verantwortlich. Nach \u00a7\u00a7 8 bis 10 DDG sind wir als Diensteanbieter jedoch nicht verpflichtet, \u00fcbermittelte oder gespeicherte fremde Informationen zu \u00fcberwachen oder nach Umst\u00e4nden zu forschen, die auf eine rechtswidrige T\u00e4tigkeit hinweisen. Verpflichtungen zur Entfernung oder Sperrung der Nutzung von Informationen nach den allgemeinen Gesetzen bleiben hiervon unber\u00fchrt. Eine diesbez\u00fcgliche Haftung ist jedoch erst ab dem Zeitpunkt der Kenntnis einer konkreten Rechtsverletzung m\u00f6glich. Bei Bekanntwerden von entsprechenden Rechtsverletzungen werden wir diese Inhalte umgehend entfernen.<\/p>\n<p><strong>Haftung f\u00fcr Links<\/strong> <br>Unser Angebot enth\u00e4lt Links zu externen Webseiten Dritter, auf deren Inhalte wir keinen Einfluss haben. Deshalb k\u00f6nnen wir f\u00fcr diese fremden Inhalte auch keine Gew\u00e4hr \u00fcbernehmen. F\u00fcr die Inhalte der verlinkten Seiten ist stets der jeweilige Anbieter oder Betreiber der Seiten verantwortlich. Die verlinkten Seiten wurden zum Zeitpunkt der Verlinkung auf m\u00f6gliche Rechtsverst\u00f6\u00dfe \u00fcberpr\u00fcft. Rechtswidrige Inhalte waren zum Zeitpunkt der Verlinkung nicht erkennbar. Eine permanente inhaltliche Kontrolle der verlinkten Seiten ist jedoch ohne konkrete Anhaltspunkte einer Rechtsverletzung nicht zumutbar. Bei Bekanntwerden von Rechtsverletzungen werden wir derartige Links umgehend entfernen.<\/p>\n<p><strong>Urheberrecht<\/strong> <br>Die durch die Seitenbetreiber erstellten Inhalte und Werke auf diesen Seiten unterliegen dem deutschen Urheberrecht. Die Vervielf\u00e4ltigung, Bearbeitung, Verbreitung und jede Art der Verwertung au\u00dferhalb der Grenzen des Urheberrechtes bed\u00fcrfen der schriftlichen Zustimmung des jeweiligen Autors bzw. Erstellers. Downloads und Kopien dieser Seite sind nur f\u00fcr den privaten, nicht kommerziellen Gebrauch gestattet. Soweit die Inhalte auf dieser Seite nicht vom Betreiber erstellt wurden, werden die Urheberrechte Dritter beachtet. Insbesondere werden Inhalte Dritter als solche gekennzeichnet. Sollten Sie trotzdem auf eine Urheberrechtsverletzung aufmerksam werden, bitten wir um einen entsprechenden Hinweis. Bei Bekanntwerden von Rechtsverletzungen werden wir derartige Inhalte umgehend entfernen.<\/p>\t\t\t\t\t\t\t\t<\/div>\n\t\t\t\t<\/div>\n\t\t\t\t\t<\/div>\n\t\t<\/div>\n\t\t\t\t\t<\/div>\n\t\t<\/section>\n\t\t\t\t<section class=\"elementor-section elementor-top-section elementor-element elementor-element-0c0a15f elementor-section-boxed elementor-section-height-default elementor-section-height-default\" data-id=\"0c0a15f\" data-element_type=\"section\">\n\t\t\t\t\t\t<div class=\"elementor-container elementor-column-gap-default\">\n\t\t\t\t\t<div class=\"elementor-column elementor-col-100 elementor-top-column elementor-element elementor-element-df8a542\" data-id=\"df8a542\" data-element_type=\"column\">\n\t\t\t<div class=\"elementor-widget-wrap elementor-element-populated\">\n\t\t\t\t\t\t<div class=\"elementor-element elementor-element-0013994 elementor-widget elementor-widget-text-editor\" data-id=\"0013994\" data-element_type=\"widget\" data-widget_type=\"text-editor.default\">\n\t\t\t\t<div class=\"elementor-widget-container\">\n\t\t\t\t\t\t\t\t\t<p><strong>Konzeption und Realisierung<\/strong><\/p><p>schulzdialog gmbh<br \/>Rondenbarg 15<br \/>22525 Hamburg<\/p><p><a href=\"mailto:info@schulzdialog.de\">info@schulzdialog.de<\/a><br \/><a href=\"http:\/\/www.schulzdialog.de\" target=\"_blank\" rel=\"noopener\">www.schulzdialog.de<\/a><\/p>\t\t\t\t\t\t\t\t<\/div>\n\t\t\t\t<\/div>\n\t\t\t\t\t<\/div>\n\t\t<\/div>\n\t\t\t\t\t<\/div>\n\t\t<\/section>\n\t\t\t\t<\/div>\n\t\t","protected":false},"excerpt":{"rendered":"<p>Impressum Rechtliches vom Haus am Klosterpark \u00a0 Haus am Klosterpark GmbHBuxtehuder Stra\u00dfe 321698 Harsefeld Vertreten durch:Walter und Cornelia Deden(Gesch\u00e4ftsf\u00fchrer) Kontakt:info@haus-am-klosterpark.de Registereintrag Eintragung im Handelsregister Registergericht: TostedtRegisternummer: HRB 205833 Verantwortlich f\u00fcr den Inhalt nach \u00a7 55 Abs. 2 RStV Walter und Cornelia Deden Haftungsausschluss Haftung f\u00fcr Inhalte Die Inhalte unserer Seiten wurden mit gr\u00f6\u00dfter Sorgfalt erstellt. [&hellip;]<\/p>\n","protected":false},"author":2,"featured_media":0,"parent":0,"menu_order":0,"comment_status":"closed","ping_status":"closed","template":"elementor_canvas","meta":{"footnotes":""},"class_list":["post-27","page","type-page","status-publish","hentry"],"_links":{"self":[{"href":"https:\/\/www.haus-am-klosterpark.de\/index.php?rest_route=\/wp\/v2\/pages\/27","targetHints":{"allow":["GET"]}}],"collection":[{"href":"https:\/\/www.haus-am-klosterpark.de\/index.php?rest_route=\/wp\/v2\/pages"}],"about":[{"href":"https:\/\/www.haus-am-klosterpark.de\/index.php?rest_route=\/wp\/v2\/types\/page"}],"author":[{"embeddable":true,"href":"https:\/\/www.haus-am-klosterpark.de\/index.php?rest_route=\/wp\/v2\/users\/2"}],"replies":[{"embeddable":true,"href":"https:\/\/www.haus-am-klosterpark.de\/index.php?rest_route=%2Fwp%2Fv2%2Fcomments&post=27"}],"version-history":[{"count":22,"href":"https:\/\/www.haus-am-klosterpark.de\/index.php?rest_route=\/wp\/v2\/pages\/27\/revisions"}],"predecessor-version":[{"id":783,"href":"https:\/\/www.haus-am-klosterpark.de\/index.php?rest_route=\/wp\/v2\/pages\/27\/revisions\/783"}],"wp:attachment":[{"href":"https:\/\/www.haus-am-klosterpark.de\/index.php?rest_route=%2Fwp%2Fv2%2Fmedia&parent=27"}],"curies":[{"name":"wp","href":"https:\/\/api.w.org\/{rel}","templated":true}]}}